{"id":34,"date":"2024-08-02T17:14:16","date_gmt":"2024-08-02T14:14:16","guid":{"rendered":"https:\/\/documents.ge\/tr\/gurcistan-olum-belgesi\/"},"modified":"2026-07-13T19:01:29","modified_gmt":"2026-07-13T19:01:29","slug":"gurcistan-olum-belgesi","status":"publish","type":"page","link":"https:\/\/documents.ge\/tr\/gurcistan-olum-belgesi\/","title":{"rendered":"\u00d6l\u00fcm Belgesi G\u00fcrcistan"},"content":{"rendered":"\n<article>\n<section><strong>\u00d6l\u00fcm belgesi<\/strong>, G\u00fcrcistan&#8217;da n\u00fcfus m\u00fcd\u00fcrl\u00fckleri taraf\u0131ndan d\u00fczenlenen ve bir ki\u015finin \u00f6l\u00fcm\u00fcn\u00fc resmi olarak belgeleyen bir belgedir. Belgede, \u00f6len ki\u015fiye ait temel bilgiler, \u00f6l\u00fcm tarihi ve yeri ile \u00f6l\u00fcm kayd\u0131n\u0131n numaras\u0131 yer al\u0131r.<\/section>\n<section><\/section>\n<\/article>\n\n\n\n<section><\/section>\n\n\n\n<h3 class=\"wp-block-heading\">G\u00fcrc\u00fcce \u00f6l\u00fcm belgesi metni<\/h3>\n\n\n\n<section><\/section>\n\n\n\n<article>\n<section>\n<h4>Temel Bilgiler<\/h4>\n<table border=\"1\">\n<tbody>\n<tr>\n<td>Ad<\/td>\n<td>\u25a0\u25a0\u25a0\u25a0\u25a0<\/td>\n<\/tr>\n<tr>\n<td>Soyad<\/td>\n<td>\u25a0\u25a0\u25a0\u25a0\u25a0\u25a0\u25a0\u25a0\u25a0\u25a0<\/td>\n<\/tr>\n<tr>\n<td>Cinsiyet<\/td>\n<td>\u25a0\u25a0\u25a0\u25a0\u25a0\u25a0\u25a0\u25a0\u25a0\u25a0<\/td>\n<\/tr>\n<tr>\n<td>Ki\u015fisel Numara<\/td>\n<td>\u25a0\u25a0\u25a0\u25a0\u25a0\u25a0\u25a0\u25a0\u25a0\u25a0<\/td>\n<\/tr>\n<tr>\n<td>Vatanda\u015fl\u0131k<\/td>\n<td>G\u00fcrcistan<\/td>\n<\/tr>\n<tr>\n<td>Do\u011fum Tarihi<\/td>\n<td>22 Aral\u0131k 1974<\/td>\n<\/tr>\n<tr>\n<td>Do\u011fum Yeri<\/td>\n<td>G\u00fcrcistan, Tiflis<\/td>\n<\/tr>\n<tr>\n<td>\u00d6l\u00fcm Tarihi<\/td>\n<td>1 Haziran 2023<\/td>\n<\/tr>\n<tr>\n<td>\u00d6l\u00fcm Yeri<\/td>\n<td>G\u00fcrcistan, Tiflis<\/td>\n<\/tr>\n<\/tbody>\n<\/table>\n<\/section>\n<section>\n<h4>Belge Bilgileri<\/h4>\n<table border=\"1\">\n<tbody>\n<tr>\n<td>\u00d6l\u00fcm Kay\u0131t Tarihi<\/td>\n<td>1 Haziran 2023<\/td>\n<\/tr>\n<tr>\n<td>Kay\u0131t Numaras\u0131<\/td>\n<td>\u25a0\u25a0\u25a0\u25a0\u25a0\u25a0\u25a0\u25a0\u25a0\u25a0<\/td>\n<\/tr>\n<tr>\n<td>Belge D\u00fczenleme Tarihi<\/td>\n<td>1 Haziran 2023<\/td>\n<\/tr>\n<tr>\n<td>Belgeyi D\u00fczenleyen Kurum<\/td>\n<td>G\u00fcrcistan Adalet Bakanl\u0131\u011f\u0131 Tiflis N\u00fcfus M\u00fcd\u00fcrl\u00fc\u011f\u00fc<\/td>\n<\/tr>\n<tr>\n<td>Yetkili Ki\u015fi<\/td>\n<td>Jaba \u015earvadze<\/td>\n<\/tr>\n<\/tbody>\n<\/table>\n<\/section>\n<section>\n<h3>G\u00fcrcistan \u00f6l\u00fcm belgesinin Rus\u00e7a metni<\/h3>\n<table border=\"1\">\n<tbody>\n<tr>\n<td>Ad<\/td>\n<td>\u25a0\u25a0\u25a0\u25a0\u25a0<\/td>\n<\/tr>\n<tr>\n<td>Soyad<\/td>\n<td>\u25a0\u25a0\u25a0\u25a0\u25a0\u25a0\u25a0\u25a0\u25a0\u25a0<\/td>\n<\/tr>\n<tr>\n<td>Cinsiyet<\/td>\n<td>\u25a0\u25a0\u25a0\u25a0\u25a0\u25a0\u25a0\u25a0\u25a0\u25a0<\/td>\n<\/tr>\n<tr>\n<td>Ki\u015fisel Numara<\/td>\n<td>\u25a0\u25a0\u25a0\u25a0\u25a0\u25a0\u25a0\u25a0\u25a0\u25a0<\/td>\n<\/tr>\n<tr>\n<td>Vatanda\u015fl\u0131k<\/td>\n<td>G\u00fcrcistan<\/td>\n<\/tr>\n<tr>\n<td>Do\u011fum Tarihi<\/td>\n<td>22 Aral\u0131k 1974<\/td>\n<\/tr>\n<tr>\n<td>Do\u011fum Yeri<\/td>\n<td>G\u00fcrcistan, Tiflis<\/td>\n<\/tr>\n<tr>\n<td>\u00d6l\u00fcm Tarihi<\/td>\n<td>1 Haziran 2023<\/td>\n<\/tr>\n<tr>\n<td>\u00d6l\u00fcm Yeri<\/td>\n<td>G\u00fcrcistan, Tiflis<\/td>\n<\/tr>\n<\/tbody>\n<\/table>\n<\/section>\n<section>\n<h4>Belge Bilgileri<\/h4>\n<table border=\"1\">\n<tbody>\n<tr>\n<td>\u00d6l\u00fcm Kay\u0131t Tarihi<\/td>\n<td>1 Haziran 2023<\/td>\n<\/tr>\n<tr>\n<td>Kay\u0131t Numaras\u0131<\/td>\n<td>\u25a0\u25a0\u25a0\u25a0\u25a0\u25a0\u25a0\u25a0\u25a0\u25a0<\/td>\n<\/tr>\n<tr>\n<td>Belge D\u00fczenleme Tarihi<\/td>\n<td>1 Haziran 2023<\/td>\n<\/tr>\n<tr>\n<td>Belgeyi D\u00fczenleyen Kurum<\/td><td>Tiflis Sivil Kay\u0131t Y\u00f6netim Ofisi SSGS<\/td>\n<\/tr>\n<tr>\n<td>Yetkili Ki\u015fi<\/td>\n<td>Jaba \u015earvadze<\/td>\n<\/tr>\n<\/tbody>\n<\/table>\n<\/section>\n<\/article>\n\n\n<div class=\"gb-container gb-container-4c45c733\">\n\n<h3 class=\"wp-block-heading\">G\u00fcrcistan \u00f6l\u00fcm belgesi nas\u0131l g\u00f6r\u00fcn\u00fcyor<\/h3>\n\n\n\n<figure class=\"wp-block-image size-full\"><img decoding=\"async\" data-src=\"https:\/\/documents.ge\/wp-content\/uploads\/2024\/08\/\u0421\u0432\u0438\u0434\u0435\u0442\u0435\u043b\u044c\u0441\u0442\u0432\u043e-\u043e-\u0441\u043c\u0435\u0440\u0442\u0438-\u0413\u0440\u0443\u0437\u0438\u044f-\u0417\u0410\u0413\u0421-\u0414\u043e\u043c-\u042e\u0441\u0442\u0438\u0446\u0438\u0438.png\" alt=\"G\u00fcrcistan'dan \u00f6l\u00fcm belgesini \u00e7evrimi\u00e7i al\u0131n\" class=\"wp-image-544 lazyload\" title=\"\u00d6l\u00fcm belgesi. Yeni \u00f6rnek - G\u00fcrcistan\" src=\"data:image\/svg+xml;base64,PHN2ZyB3aWR0aD0iMSIgaGVpZ2h0PSIxIiB4bWxucz0iaHR0cDovL3d3dy53My5vcmcvMjAwMC9zdmciPjwvc3ZnPg==\" \/><figcaption class=\"wp-element-caption\">\u00d6l\u00fcm belgesi, \u0131slak m\u00fch\u00fcr ve imza olmadan ka\u011f\u0131t \u00fczerinde verilir. QR kodu ile \u00e7evrimi\u00e7i olarak do\u011frulanabilir. Kurumumuz sizin i\u00e7in, tarih ve yetkili imzas\u0131 bulunan \u0131slak m\u00fch\u00fcrl\u00fc ka\u011f\u0131t n\u00fcshay\u0131 temin edebilir<\/figcaption><\/figure>\n\n<\/div>","protected":false},"excerpt":{"rendered":"<p>\u00d6l\u00fcm belgesi, G\u00fcrcistan&#8217;da n\u00fcfus m\u00fcd\u00fcrl\u00fckleri taraf\u0131ndan d\u00fczenlenen ve bir ki\u015finin \u00f6l\u00fcm\u00fcn\u00fc resmi olarak belgeleyen bir belgedir. Belgede, \u00f6len ki\u015fiye ait temel bilgiler, \u00f6l\u00fcm tarihi ve yeri ile \u00f6l\u00fcm kayd\u0131n\u0131n numaras\u0131 yer al\u0131r. G\u00fcrc\u00fcce \u00f6l\u00fcm belgesi metni Temel Bilgiler Ad \u25a0\u25a0\u25a0\u25a0\u25a0 Soyad \u25a0\u25a0\u25a0\u25a0\u25a0\u25a0\u25a0\u25a0\u25a0\u25a0 Cinsiyet \u25a0\u25a0\u25a0\u25a0\u25a0\u25a0\u25a0\u25a0\u25a0\u25a0 Ki\u015fisel Numara \u25a0\u25a0\u25a0\u25a0\u25a0\u25a0\u25a0\u25a0\u25a0\u25a0 Vatanda\u015fl\u0131k G\u00fcrcistan Do\u011fum Tarihi 22 Aral\u0131k 1974 Do\u011fum &#8230; <a title=\"\u00d6l\u00fcm Belgesi G\u00fcrcistan\" class=\"read-more\" href=\"https:\/\/documents.ge\/tr\/gurcistan-olum-belgesi\/\" aria-label=\"Read more about \u00d6l\u00fcm Belgesi G\u00fcrcistan\">\u0427\u0438\u0442\u0430\u0442\u044c \u0434\u0430\u043b\u0435\u0435<\/a><\/p>\n","protected":false},"author":1,"featured_media":0,"parent":0,"menu_order":0,"comment_status":"closed","ping_status":"closed","template":"","meta":{"_acf_changed":false,"_monsterinsights_skip_tracking":false,"footnotes":""},"yst_prominent_words":[],"class_list":["post-34","page","type-page","status-publish"],"acf":[],"_links":{"self":[{"href":"https:\/\/documents.ge\/tr\/wp-json\/wp\/v2\/pages\/34","targetHints":{"allow":["GET"]}}],"collection":[{"href":"https:\/\/documents.ge\/tr\/wp-json\/wp\/v2\/pages"}],"about":[{"href":"https:\/\/documents.ge\/tr\/wp-json\/wp\/v2\/types\/page"}],"author":[{"embeddable":true,"href":"https:\/\/documents.ge\/tr\/wp-json\/wp\/v2\/users\/1"}],"replies":[{"embeddable":true,"href":"https:\/\/documents.ge\/tr\/wp-json\/wp\/v2\/comments?post=34"}],"version-history":[{"count":2,"href":"https:\/\/documents.ge\/tr\/wp-json\/wp\/v2\/pages\/34\/revisions"}],"predecessor-version":[{"id":129,"href":"https:\/\/documents.ge\/tr\/wp-json\/wp\/v2\/pages\/34\/revisions\/129"}],"wp:attachment":[{"href":"https:\/\/documents.ge\/tr\/wp-json\/wp\/v2\/media?parent=34"}],"wp:term":[{"taxonomy":"yst_prominent_words","embeddable":true,"href":"https:\/\/documents.ge\/tr\/wp-json\/wp\/v2\/yst_prominent_words?post=34"}],"curies":[{"name":"wp","href":"https:\/\/api.w.org\/{rel}","templated":true}]}}